{"id":4764,"date":"2016-08-08T09:19:43","date_gmt":"2016-08-08T07:19:43","guid":{"rendered":"https:\/\/www.hotellacaravelle-stjeandeluz.com\/petit-dejeuner\/"},"modified":"2017-11-14T17:31:08","modified_gmt":"2017-11-14T16:31:08","slug":"desayuno","status":"publish","type":"page","link":"https:\/\/www.hotellacaravelle-stjeandeluz.com\/es\/hotel\/desayuno\/","title":{"rendered":"Desayuno"},"content":{"rendered":"<div class=\"wpb-content-wrapper\"><p>[vc_row margin_top=\u00bb-50&#8243; margin_bottom=\u00bb12&#8243; type=\u00bb1&#8243; bg_color=\u00bb#f1f1f1&#8243; bg_cover=\u00bbtrue\u00bb padding_top=\u00bb10&#8243; padding_bottom=\u00bb10&#8243; el_class=\u00bbnovaresaSearchForm\u00bb][vc_column width=\u00bb1\/3&#8243;][vc_column_text]<\/p>\n<div class=\"book-title\">Reserve su estancia<\/div>\n<p>[\/vc_column_text][\/vc_column][vc_column width=\u00bb2\/3&#8243;][vc_column_text]<div class=\"wp_novaresa\" id=\"wp_novaresa_shortcode\" >\r\n        <form id=\"wp_novaresa_searchform\" method=\"get\" action=\"https:\/\/www.hotellacaravelle-stjeandeluz.com\/es\/tarifas-reserva\/\" role=\"form\" class=\"form-inline\">\r\n\t\t\t\t\t<div class=\"row\">\r\n\t\t\t\t<div class='form-group col-md-3 col-xs-6'>\r\n\t\t\t\t\t<label class=\"sr-only\" for=\"wp_novaresa_shortcode_date_from\">Llegada<\/label>\r\n\t\t\t\t\t<input type=\"text\" class=\"form-control input-sm\" id=\"wp_novaresa_shortcode_date_from\" name=\"date_from\" value=\"\" autocomplete=\"off\" placeholder=\"Llegada\" >\r\n\t\t\t\t<\/div>\r\n\t\t\t\t<div class='form-group col-md-3 col-xs-6'>\r\n\t\t\t\t\t<label class=\"sr-only\" for=\"wp_novaresa_shortcode_date_to\">Salida<\/label>\r\n\t\t\t\t\t<input type=\"text\" class=\"form-control input-sm\" id=\"wp_novaresa_shortcode_date_to\" name=\"date_to\" value=\"\" autocomplete=\"off\" placeholder=\"Salida\" >\r\n\t\t\t\t<\/div>\r\n\t\t\t\t\t\t\t\t<div class=\"form-group col-md-2 col-xs-6 hidden-xs hidden-sm\">\r\n\t\t\t\t\t<label class=\"sr-only\" for=\"wp_novaresa_widget_nb_pers\">Nb pers<\/label>\r\n\t\t\t\t\t<input type=\"text\" class=\"form-control input-sm\" id=\"wp_novaresa_widget_nb_pers\" name=\"nb_pers\" value=\"\" placeholder=\"Nb pers\" >\r\n\t\t\t\t<\/div>\r\n\t\t\t\t\t\t\t\t<div class=\"col-md-4 col-xs-12\">\r\n\t\t\t\t\t<button type=\"submit\" class=\"btn btn-sm\" name=\"wp_novaresa_search\" value=\"1\">Reservar<\/button>\r\n\t\t\t\t<\/div>\r\n\t\t\t<\/div>\t\t\r\n\t\t\t\t\r\n\r\n\t\t\r\n\t<\/form>\r\n    \r\n<\/div>[\/vc_column_text][\/vc_column][\/vc_row][vc_row margin_bottom=\u00bb30&#8243;][vc_column][vc_raw_html el_class=\u00bbbreadcrumbs-container\u00bb]PGEgaHJlZj0iLyIgcmVsPSJ2OnVybCI+SG90ZWwgU2FpbnQgSmVhbiBkZSBMdXo8L2E+IMK7DQoNCjxhIGhyZWY9Ii8\/cGFnZV9pZD00MjE5IiByZWw9InY6dXJsIj5Ib3RlbDwvYT4gwrsNCjxzcGFuIGNsYXNzPSJicmVhZGNydW1iX2xhc3QiPkRlc2F5dW5vPC9zcGFuPg==[\/vc_raw_html][\/vc_column][\/vc_row][vc_row][vc_column][vc_column_text]<\/p>\n<h1 class=\"white-h1\">El momento m\u00e1s delicioso: el desayuno<\/h1>\n<p>[\/vc_column_text][\/vc_column][\/vc_row][vc_row full_width=\u00bbtrue\u00bb][vc_column css=\u00bb.vc_custom_1475161568983{margin-right: 0px !important;margin-left: 0px !important;padding-right: 0px !important;padding-left: 0px !important;}\u00bb]<div class=\"wf-container dt-gallery-container dt-photos-shortcode loading-effect-none iso-container\" data-padding=\"10px\" data-cur-page=\"1\" data-width=\"350px\" data-columns=\"3\"><div class=\"wf-cell iso-item\" data-date=\"2016-09-29T16:58:52+02:00\" data-name=\"Chambre H\u00f4tel la Caravelle St-Jean-de-Luz\" data-post-id=\"5309\">\n<article class=\"post post-5309 attachment type-attachment status-inherit hentry description-off\">\n\n\t\n<div class=\"rollover-project links-hovers-disabled\">\n\n\t<a href=\"https:\/\/www.hotellacaravelle-stjeandeluz.com\/wp-content\/uploads\/2016\/09\/chambre-hotel-la-caravelle-3.jpg\" class=\"dt-mfp-item mfp-image rollover rollover-zoom\" title=\"Chambre H\u00f4tel la Caravelle St-Jean-de-Luz\" data-dt-img-description=\"\" ><img class=\"preload-me\" srcset=\"https:\/\/www.hotellacaravelle-stjeandeluz.com\/wp-content\/uploads\/2016\/09\/chambre-hotel-la-caravelle-3.jpg 1x, https:\/\/www.hotellacaravelle-stjeandeluz.com\/wp-content\/uploads\/2016\/09\/chambre-hotel-la-caravelle-3.jpg 2x\" alt=\"\" width=\"2000\" height=\"1334\"  \/><\/a>\n\t\n<\/div>\n<\/article>\n\n<\/div><div class=\"wf-cell iso-item\" data-date=\"2016-09-29T16:58:48+02:00\" data-name=\"Salle de bain\" data-post-id=\"5305\">\n<article class=\"post post-5305 attachment type-attachment status-inherit hentry description-off\">\n\n\t\n<div class=\"rollover-project links-hovers-disabled\">\n\n\t<a href=\"https:\/\/www.hotellacaravelle-stjeandeluz.com\/wp-content\/uploads\/2016\/09\/salle-de-bain.jpg\" class=\"dt-mfp-item mfp-image rollover rollover-zoom\" title=\"Salle de bain\" data-dt-img-description=\"\" ><img class=\"preload-me\" srcset=\"https:\/\/www.hotellacaravelle-stjeandeluz.com\/wp-content\/uploads\/2016\/09\/salle-de-bain.jpg 1x, https:\/\/www.hotellacaravelle-stjeandeluz.com\/wp-content\/uploads\/2016\/09\/salle-de-bain.jpg 2x\" alt=\"\" width=\"2000\" height=\"1334\"  \/><\/a>\n\t\n<\/div>\n<\/article>\n\n<\/div><div class=\"wf-cell iso-item\" data-date=\"2016-09-29T16:58:53+02:00\" data-name=\"\" data-post-id=\"5311\">\n<article class=\"post post-5311 attachment type-attachment status-inherit hentry description-off\">\n\n\t\n<div class=\"rollover-project links-hovers-disabled\">\n\n\t<a href=\"https:\/\/www.hotellacaravelle-stjeandeluz.com\/wp-content\/uploads\/2016\/09\/chambre-hotel-la-caravelle-4.jpg\" class=\"dt-mfp-item mfp-image rollover rollover-zoom\"  data-dt-img-description=\"\" ><img class=\"preload-me\" srcset=\"https:\/\/www.hotellacaravelle-stjeandeluz.com\/wp-content\/uploads\/2016\/09\/chambre-hotel-la-caravelle-4.jpg 1x, https:\/\/www.hotellacaravelle-stjeandeluz.com\/wp-content\/uploads\/2016\/09\/chambre-hotel-la-caravelle-4.jpg 2x\" alt=\"\" width=\"2000\" height=\"1334\"  \/><\/a>\n\t\n<\/div>\n<\/article>\n\n<\/div><div class=\"wf-cell iso-item\" data-date=\"2016-09-29T16:58:50+02:00\" data-name=\"Chambre H\u00f4tel la Caravelle St-Jean-de-Luz\" data-post-id=\"5307\">\n<article class=\"post post-5307 attachment type-attachment status-inherit hentry description-off\">\n\n\t\n<div class=\"rollover-project links-hovers-disabled\">\n\n\t<a href=\"https:\/\/www.hotellacaravelle-stjeandeluz.com\/wp-content\/uploads\/2016\/09\/chambre-hotel-la-caravelle-2.jpg\" class=\"dt-mfp-item mfp-image rollover rollover-zoom\" title=\"Chambre H\u00f4tel la Caravelle St-Jean-de-Luz\" data-dt-img-description=\"\" ><img class=\"preload-me\" srcset=\"https:\/\/www.hotellacaravelle-stjeandeluz.com\/wp-content\/uploads\/2016\/09\/chambre-hotel-la-caravelle-2.jpg 1x, https:\/\/www.hotellacaravelle-stjeandeluz.com\/wp-content\/uploads\/2016\/09\/chambre-hotel-la-caravelle-2.jpg 2x\" alt=\"\" width=\"2000\" height=\"1334\"  \/><\/a>\n\t\n<\/div>\n<\/article>\n\n<\/div><div class=\"wf-cell iso-item\" data-date=\"2016-09-29T16:58:54+02:00\" data-name=\"Chambre H\u00f4tel la Caravelle St-Jean-de-Luz\" data-post-id=\"5313\">\n<article class=\"post post-5313 attachment type-attachment status-inherit hentry description-off\">\n\n\t\n<div class=\"rollover-project links-hovers-disabled\">\n\n\t<a href=\"https:\/\/www.hotellacaravelle-stjeandeluz.com\/wp-content\/uploads\/2016\/09\/chambre-hotel-la-caravelle-5.jpg\" class=\"dt-mfp-item mfp-image rollover rollover-zoom\" title=\"Chambre H\u00f4tel la Caravelle St-Jean-de-Luz\" data-dt-img-description=\"\" ><img class=\"preload-me\" srcset=\"https:\/\/www.hotellacaravelle-stjeandeluz.com\/wp-content\/uploads\/2016\/09\/chambre-hotel-la-caravelle-5.jpg 1x, https:\/\/www.hotellacaravelle-stjeandeluz.com\/wp-content\/uploads\/2016\/09\/chambre-hotel-la-caravelle-5.jpg 2x\" alt=\"\" width=\"1334\" height=\"2000\"  \/><\/a>\n\t\n<\/div>\n<\/article>\n\n<\/div><div class=\"wf-cell iso-item\" data-date=\"2016-09-29T17:55:10+02:00\" data-name=\"chambre-hotel-la-caravelle-6\" data-post-id=\"5321\">\n<article class=\"post post-5321 attachment type-attachment status-inherit hentry description-off\">\n\n\t\n<div class=\"rollover-project links-hovers-disabled\">\n\n\t<a href=\"https:\/\/www.hotellacaravelle-stjeandeluz.com\/wp-content\/uploads\/2016\/09\/chambre-hotel-la-caravelle-6.jpg\" class=\"dt-mfp-item mfp-image rollover rollover-zoom\" title=\"chambre-hotel-la-caravelle-6\" data-dt-img-description=\"\" ><img class=\"preload-me\" srcset=\"https:\/\/www.hotellacaravelle-stjeandeluz.com\/wp-content\/uploads\/2016\/09\/chambre-hotel-la-caravelle-6.jpg 1x, https:\/\/www.hotellacaravelle-stjeandeluz.com\/wp-content\/uploads\/2016\/09\/chambre-hotel-la-caravelle-6.jpg 2x\" alt=\"\" width=\"2000\" height=\"1334\"  \/><\/a>\n\t\n<\/div>\n<\/article>\n\n<\/div><div class=\"wf-cell iso-item\" data-date=\"2016-09-29T17:55:08+02:00\" data-name=\"vue-chambe-hotel-la-caravelle\" data-post-id=\"5319\">\n<article class=\"post post-5319 attachment type-attachment status-inherit hentry description-off\">\n\n\t\n<div class=\"rollover-project links-hovers-disabled\">\n\n\t<a href=\"https:\/\/www.hotellacaravelle-stjeandeluz.com\/wp-content\/uploads\/2016\/09\/vue-chambe-hotel-la-caravelle.jpg\" class=\"dt-mfp-item mfp-image rollover rollover-zoom\" title=\"vue-chambe-hotel-la-caravelle\" data-dt-img-description=\"\" ><img class=\"preload-me\" srcset=\"https:\/\/www.hotellacaravelle-stjeandeluz.com\/wp-content\/uploads\/2016\/09\/vue-chambe-hotel-la-caravelle.jpg 1x, https:\/\/www.hotellacaravelle-stjeandeluz.com\/wp-content\/uploads\/2016\/09\/vue-chambe-hotel-la-caravelle.jpg 2x\" alt=\"\" width=\"2000\" height=\"1334\"  \/><\/a>\n\t\n<\/div>\n<\/article>\n\n<\/div><div class=\"wf-cell iso-item\" data-date=\"2016-09-29T17:55:06+02:00\" data-name=\"chambre-hotel-la-caravelle-7\" data-post-id=\"5317\">\n<article class=\"post post-5317 attachment type-attachment status-inherit hentry description-off\">\n\n\t\n<div class=\"rollover-project links-hovers-disabled\">\n\n\t<a href=\"https:\/\/www.hotellacaravelle-stjeandeluz.com\/wp-content\/uploads\/2016\/09\/chambre-hotel-la-caravelle-7.jpg\" class=\"dt-mfp-item mfp-image rollover rollover-zoom\" title=\"chambre-hotel-la-caravelle-7\" data-dt-img-description=\"\" ><img class=\"preload-me\" srcset=\"https:\/\/www.hotellacaravelle-stjeandeluz.com\/wp-content\/uploads\/2016\/09\/chambre-hotel-la-caravelle-7.jpg 1x, https:\/\/www.hotellacaravelle-stjeandeluz.com\/wp-content\/uploads\/2016\/09\/chambre-hotel-la-caravelle-7.jpg 2x\" alt=\"\" width=\"2000\" height=\"1334\"  \/><\/a>\n\t\n<\/div>\n<\/article>\n\n<\/div><div class=\"wf-cell iso-item\" data-date=\"2016-10-03T14:27:57+02:00\" data-name=\"\" data-post-id=\"5331\">\n<article class=\"post post-5331 attachment type-attachment status-inherit hentry description-off\">\n\n\t\n<div class=\"rollover-project links-hovers-disabled\">\n\n\t<a href=\"https:\/\/www.hotellacaravelle-stjeandeluz.com\/wp-content\/uploads\/2016\/10\/plages.jpg\" class=\"dt-mfp-item mfp-image rollover rollover-zoom\"  data-dt-img-description=\"\" ><img class=\"preload-me\" srcset=\"https:\/\/www.hotellacaravelle-stjeandeluz.com\/wp-content\/uploads\/2016\/10\/plages.jpg 1x, https:\/\/www.hotellacaravelle-stjeandeluz.com\/wp-content\/uploads\/2016\/10\/plages.jpg 2x\" alt=\"\" width=\"2000\" height=\"1334\"  \/><\/a>\n\t\n<\/div>\n<\/article>\n\n<\/div><div class=\"wf-cell iso-item\" data-date=\"2016-10-07T10:47:00+02:00\" data-name=\"\" data-post-id=\"5419\">\n<article class=\"post post-5419 attachment type-attachment status-inherit hentry description-off\">\n\n\t\n<div class=\"rollover-project links-hovers-disabled\">\n\n\t<a href=\"https:\/\/www.hotellacaravelle-stjeandeluz.com\/wp-content\/uploads\/2016\/10\/La-Caravelle-0218.jpg\" class=\"dt-mfp-item mfp-image rollover rollover-zoom\"  data-dt-img-description=\"\" ><img class=\"preload-me\" srcset=\"https:\/\/www.hotellacaravelle-stjeandeluz.com\/wp-content\/uploads\/2016\/10\/La-Caravelle-0218.jpg 1x, https:\/\/www.hotellacaravelle-stjeandeluz.com\/wp-content\/uploads\/2016\/10\/La-Caravelle-0218.jpg 2x\" alt=\"\" width=\"1334\" height=\"2000\"  \/><\/a>\n\t\n<\/div>\n<\/article>\n\n<\/div><div class=\"wf-cell iso-item\" data-date=\"2016-10-03T14:47:57+02:00\" data-name=\"\" data-post-id=\"5387\">\n<article class=\"post post-5387 attachment type-attachment status-inherit hentry description-off\">\n\n\t\n<div class=\"rollover-project links-hovers-disabled\">\n\n\t<a href=\"https:\/\/www.hotellacaravelle-stjeandeluz.com\/wp-content\/uploads\/2016\/08\/meteo.jpg\" class=\"dt-mfp-item mfp-image rollover rollover-zoom\"  data-dt-img-description=\"\" ><img class=\"preload-me\" srcset=\"https:\/\/www.hotellacaravelle-stjeandeluz.com\/wp-content\/uploads\/2016\/08\/meteo.jpg 1x, https:\/\/www.hotellacaravelle-stjeandeluz.com\/wp-content\/uploads\/2016\/08\/meteo.jpg 2x\" alt=\"\" width=\"2000\" height=\"1334\"  \/><\/a>\n\t\n<\/div>\n<\/article>\n\n<\/div><div class=\"wf-cell iso-item\" data-date=\"2016-10-07T10:50:12+02:00\" data-name=\"\" data-post-id=\"5421\">\n<article class=\"post post-5421 attachment type-attachment status-inherit hentry description-off\">\n\n\t\n<div class=\"rollover-project links-hovers-disabled\">\n\n\t<a href=\"https:\/\/www.hotellacaravelle-stjeandeluz.com\/wp-content\/uploads\/2016\/10\/cles-hotel-caravelle.jpg\" class=\"dt-mfp-item mfp-image rollover rollover-zoom\"  data-dt-img-description=\"\" ><img class=\"preload-me\" srcset=\"https:\/\/www.hotellacaravelle-stjeandeluz.com\/wp-content\/uploads\/2016\/10\/cles-hotel-caravelle.jpg 1x, https:\/\/www.hotellacaravelle-stjeandeluz.com\/wp-content\/uploads\/2016\/10\/cles-hotel-caravelle.jpg 2x\" alt=\"\" width=\"2000\" height=\"1334\"  \/><\/a>\n\t\n<\/div>\n<\/article>\n\n<\/div><\/div>[vc_empty_space height=\u00bb10px\u00bb][\/vc_column][\/vc_row][vc_row full_width=\u00bbtrue\u00bb el_class=\u00bbphotoGrid_header\u00bb][vc_column width=\u00bb1\/2&#8243; css=\u00bb.vc_custom_1475587322959{border-top-width: 1px !important;border-right-width: 1px !important;border-bottom-width: 1px !important;border-left-width: 1px !important;padding-top: 5px !important;padding-right: 5px !important;padding-bottom: 5px !important;padding-left: 5px !important;border-left-color: #46403c !important;border-left-style: solid !important;border-right-color: #46403c !important;border-right-style: solid !important;border-top-color: #46403c !important;border-top-style: solid !important;border-bottom-color: #46403c !important;border-bottom-style: solid !important;}\u00bb offset=\u00bbvc_col-lg-3&#8243;]<div class=\"shortcode-banner\" style=\"min-height: 490px;background-image: url(https:\/\/www.hotellacaravelle-stjeandeluz.com\/wp-content\/uploads\/2016\/10\/table-petit-dejeuner.jpg)\"><div class=\"shortcode-banner-bg wf-table\" style=\"padding: 0px;min-height: 490px\"><div class=\"shortcode-banner-inside wf-table text-big\" style=\"background-color: rgb(0,0,0);background-color: rgba(0,0,0,0.01);border: solid 0px transparent;outline: solid 0px;outline-color: #ffffff;height: 490px\"><div><\/div><\/div><\/div><\/div>[\/vc_column][vc_column width=\u00bb1\/2&#8243; css=\u00bb.vc_custom_1475486520559{margin-right: 0px !important;margin-left: 0px !important;padding-right: 0px !important;padding-left: 0px !important;}\u00bb offset=\u00bbvc_col-lg-3&#8243;]<div class=\"shortcode-banner\" style=\"min-height: 500px\"><div class=\"shortcode-banner-bg wf-table\" style=\"padding: 0px;min-height: 500px\"><div class=\"shortcode-banner-inside wf-table text-big\" style=\"background-color: rgb(70,64,60);background-color: #46403c;border: solid 0px transparent;outline: solid 0px;outline-color: #ffffff;height: 500px\"><div><h2 style=\"text-align: right;\">Momento de Codicia Vasco en el hotel<\/h2>\n<\/div><\/div><\/div><\/div>[\/vc_column][vc_column css=\u00bb.vc_custom_1475486581953{margin-right: 0px !important;margin-left: 0px !important;border-top-width: 1px !important;border-right-width: 1px !important;border-bottom-width: 1px !important;border-left-width: 1px !important;padding-top: 20px !important;padding-right: 50px !important;padding-bottom: 20px !important;padding-left: 50px !important;border-left-color: #46403c !important;border-left-style: solid !important;border-right-color: #46403c !important;border-right-style: solid !important;border-top-color: #46403c !important;border-top-style: solid !important;border-bottom-color: #46403c !important;border-bottom-style: solid !important;}\u00bb el_class=\u00bbphotoGrid_header_text\u00bb offset=\u00bbvc_col-lg-6&#8243;][vc_column_text]<\/p>\n<p class=\"h1\">El desayuno<\/p>\n<p>[\/vc_column_text][vc_empty_space height=\u00bb20px\u00bb][vc_column_text]Le proponemos un desayuno bufet, en una sala con vistas a la bah\u00eda de San Juan de Luz, donde podr\u00e1 disfrutar de caf\u00e9, t\u00e9s variados, chocolate, cereales, jugos de frutas, frutas de temporada, frutos secos, mermelada casera de cerezas, <em>Nutella,<\/em> miel artesanal, pan artesanal, croissants, boller\u00eda, yogurt y queso de cabra (productos frescos de la granja, agricultura vasca)<\/p>\n<p>El desayuno puede ser servido en su habitaci\u00f3n.[\/vc_column_text][\/vc_column][\/vc_row]<\/p>\n<\/div>","protected":false},"excerpt":{"rendered":"<p>[vc_row margin_top=\u00bb-50&#8243; margin_bottom=\u00bb12&#8243; type=\u00bb1&#8243; bg_color=\u00bb#f1f1f1&#8243; bg_cover=\u00bbtrue\u00bb padding_top=\u00bb10&#8243; padding_bottom=\u00bb10&#8243; el_class=\u00bbnovaresaSearchForm\u00bb][vc_column width=\u00bb1\/3&#8243;][vc_column_text] Reserve su estancia [\/vc_column_text][\/vc_column][vc_column width=\u00bb2\/3&#8243;][vc_column_text][\/vc_column_text][\/vc_column][\/vc_row][vc_row margin_bottom=\u00bb30&#8243;][vc_column][vc_raw_html el_class=\u00bbbreadcrumbs-container\u00bb]PGEgaHJlZj0iLyIgcmVsPSJ2OnVybCI+SG90ZWwgU2FpbnQgSmVhbiBkZSBMdXo8L2E+IMK7DQoNCjxhIGhyZWY9Ii8\/cGFnZV9pZD00MjE5IiByZWw9InY6dXJsIj5Ib3RlbDwvYT4gwrsNCjxzcGFuIGNsYXNzPSJicmVhZGNydW1iX2xhc3QiPkRlc2F5dW5vPC9zcGFuPg==[\/vc_raw_html][\/vc_column][\/vc_row][vc_row][vc_column][vc_column_text] El momento m\u00e1s delicioso: el desayuno [\/vc_column_text][\/vc_column][\/vc_row][vc_row full_width=\u00bbtrue\u00bb][vc_column css=\u00bb.vc_custom_1475161568983{margin-right: 0px !important;margin-left: 0px !important;padding-right: 0px !important;padding-left: 0px !important;}\u00bb][vc_empty_space height=\u00bb10px\u00bb][\/vc_column][\/vc_row][vc_row full_width=\u00bbtrue\u00bb el_class=\u00bbphotoGrid_header\u00bb][vc_column width=\u00bb1\/2&#8243; css=\u00bb.vc_custom_1475587322959{border-top-width: 1px !important;border-right-width: 1px !important;border-bottom-width: 1px !important;border-left-width: 1px !important;padding-top: 5px !important;padding-right: 5px !important;padding-bottom: 5px !important;padding-left: 5px !important;border-left-color:&hellip;<\/p>\n","protected":false},"author":1,"featured_media":0,"parent":4879,"menu_order":0,"comment_status":"closed","ping_status":"closed","template":"","meta":{"footnotes":""},"class_list":["post-4764","page","type-page","status-publish","hentry","description-off"],"aioseo_notices":[],"_links":{"self":[{"href":"https:\/\/www.hotellacaravelle-stjeandeluz.com\/es\/wp-json\/wp\/v2\/pages\/4764","targetHints":{"allow":["GET"]}}],"collection":[{"href":"https:\/\/www.hotellacaravelle-stjeandeluz.com\/es\/wp-json\/wp\/v2\/pages"}],"about":[{"href":"https:\/\/www.hotellacaravelle-stjeandeluz.com\/es\/wp-json\/wp\/v2\/types\/page"}],"author":[{"embeddable":true,"href":"https:\/\/www.hotellacaravelle-stjeandeluz.com\/es\/wp-json\/wp\/v2\/users\/1"}],"replies":[{"embeddable":true,"href":"https:\/\/www.hotellacaravelle-stjeandeluz.com\/es\/wp-json\/wp\/v2\/comments?post=4764"}],"version-history":[{"count":18,"href":"https:\/\/www.hotellacaravelle-stjeandeluz.com\/es\/wp-json\/wp\/v2\/pages\/4764\/revisions"}],"predecessor-version":[{"id":4870,"href":"https:\/\/www.hotellacaravelle-stjeandeluz.com\/es\/wp-json\/wp\/v2\/pages\/4764\/revisions\/4870"}],"up":[{"embeddable":true,"href":"https:\/\/www.hotellacaravelle-stjeandeluz.com\/es\/wp-json\/wp\/v2\/pages\/4879"}],"wp:attachment":[{"href":"https:\/\/www.hotellacaravelle-stjeandeluz.com\/es\/wp-json\/wp\/v2\/media?parent=4764"}],"curies":[{"name":"wp","href":"https:\/\/api.w.org\/{rel}","templated":true}]}}